{"id":112,"date":"2019-11-30T18:50:07","date_gmt":"2019-11-30T18:50:07","guid":{"rendered":"https:\/\/maderatec.com\/?page_id=112"},"modified":"2023-11-17T22:42:10","modified_gmt":"2023-11-18T06:42:10","slug":"entrepreneurship-marketing","status":"publish","type":"page","link":"https:\/\/maderatec.com\/es\/maderatec-team\/entrepreneurship-marketing\/","title":{"rendered":"Laboratorio de Emprendimiento y Comercializaci\u00f3n"},"content":{"rendered":"<div data-elementor-type=\"wp-page\" data-elementor-id=\"112\" class=\"elementor elementor-112\" data-elementor-post-type=\"page\">\n\t\t\t\t<div class=\"elementor-element elementor-element-a5f5542 e-con-full e-flex e-con e-parent\" data-id=\"a5f5542\" data-element_type=\"container\">\n\t\t<div class=\"elementor-element elementor-element-baba6c1 e-con-full e-flex e-con e-child\" data-id=\"baba6c1\" data-element_type=\"container\" data-settings=\"{&quot;background_background&quot;:&quot;classic&quot;}\">\n\t\t\t\t<div class=\"elementor-element elementor-element-d9a392f elementor-widget-mobile__width-auto elementor-widget__width-initial elementor-widget-laptop__width-initial elementor-invisible elementor-widget elementor-widget-image\" data-id=\"d9a392f\" data-element_type=\"widget\" data-settings=\"{&quot;_animation&quot;:&quot;fadeIn&quot;}\" data-widget_type=\"image.default\">\n\t\t\t\t<div class=\"elementor-widget-container\">\n\t\t\t\t\t\t\t\t\t\t\t\t<figure class=\"wp-caption\">\n\t\t\t\t\t\t\t\t\t\t<img fetchpriority=\"high\" decoding=\"async\" width=\"2560\" height=\"2560\" src=\"https:\/\/maderatec.com\/wp-content\/uploads\/Logos\/Business-scaled.png\" class=\"attachment-full size-full wp-image-28\" alt=\"\" srcset=\"https:\/\/maderatec.com\/wp-content\/uploads\/Logos\/Business-scaled.png 2560w, https:\/\/maderatec.com\/wp-content\/uploads\/Logos\/Business-300x300.png 300w, https:\/\/maderatec.com\/wp-content\/uploads\/Logos\/Business-1024x1024.png 1024w, https:\/\/maderatec.com\/wp-content\/uploads\/Logos\/Business-150x150.png 150w, https:\/\/maderatec.com\/wp-content\/uploads\/Logos\/Business-768x768.png 768w, https:\/\/maderatec.com\/wp-content\/uploads\/Logos\/Business-1536x1536.png 1536w, https:\/\/maderatec.com\/wp-content\/uploads\/Logos\/Business-2048x2048.png 2048w\" sizes=\"(max-width: 2560px) 100vw, 2560px\" \/>\t\t\t\t\t\t\t\t\t\t\t<figcaption class=\"widget-image-caption wp-caption-text\"><\/figcaption>\n\t\t\t\t\t\t\t\t\t\t<\/figure>\n\t\t\t\t\t\t\t\t\t<\/div>\n\t\t\t\t<\/div>\n\t\t\t\t<\/div>\n\t\t<div class=\"elementor-element elementor-element-01b4036 e-con-full e-flex e-con e-child\" data-id=\"01b4036\" data-element_type=\"container\">\n\t\t<div class=\"elementor-element elementor-element-b03f8b7 e-con-full e-flex e-con e-child\" data-id=\"b03f8b7\" data-element_type=\"container\" data-settings=\"{&quot;background_background&quot;:&quot;classic&quot;}\">\n\t\t\t\t<div class=\"elementor-element elementor-element-0d9606b elementor-widget elementor-widget-text-editor\" data-id=\"0d9606b\" data-element_type=\"widget\" data-widget_type=\"text-editor.default\">\n\t\t\t\t<div class=\"elementor-widget-container\">\n\t\t\t\t\t\t\t\t\t<p><b>El Laboratorio de emprendimiento y comercializaci\u00f3n <\/b>promueve la exploraci\u00f3n de conceptos en investigaci\u00f3n comercial, desarrollo de productos, fundamentos comerciales y comercializaci\u00f3n. Los emprendedores son fundadores de empresas que toman una idea y la convierten en un negocio. Los estudiantes aprender\u00e1n c\u00f3mo los emprendedores exitosos crean empresas.<\/p>\n<p>Los estudiantes trabajar\u00e1n con socios de la comunidad para comprender el impacto fundamental del desarrollo empresarial dentro de la comunidad de Madera. Los proyectos a lo largo del a\u00f1o incluir\u00e1n la creaci\u00f3n de un producto o servicio, plan de negocios y campa\u00f1a de comercializaci\u00f3n. Dentro del proyecto, los estudiantes aprender\u00e1n sobre operaciones comerciales, tecnolog\u00eda de oficina, finanzas y software de Adobe. Trabajar con gente en la industria profundizar\u00e1 su comprensi\u00f3n de la creatividad, la pasi\u00f3n y la visi\u00f3n del futuro. Aprender a ser l\u00edderes automotivados llevar\u00e1 a los estudiantes al \u00e9xito.&nbsp;<\/p>\n<p>Al obtener el conocimiento necesario en los negocios, los estudiantes comprender\u00e1n las infinitas oportunidades que tienen sus futuros. El laboratorio permitir\u00e1 a los estudiantes adquirir habilidades que pueden conducir a varios caminos en la escuela secundaria, incluyendo; Negocios y finanzas, comercializaci\u00f3n, emprendimiento y autoempleo. Los estudiantes tendr\u00e1n la oportunidad de participar en Futuros L\u00edderes Empresariales de Am\u00e9rica (FBLA), que es la organizaci\u00f3n empresarial de estudiantes de carrera m\u00e1s grande del mundo. Los estudiantes obtendr\u00e1n su cr\u00e9dito en ingl\u00e9s, matem\u00e1ticas y optativo mientras adquieren una mentalidad emprendedora. Las carreras en este camino incluyen empresarios, due\u00f1os de negocios, directores ejecutivos y gerentes.<\/p>\t\t\t\t\t\t\t\t<\/div>\n\t\t\t\t<\/div>\n\t\t\t\t<\/div>\n\t\t<div class=\"elementor-element elementor-element-b2e8df3 e-con-full e-flex e-con e-child\" data-id=\"b2e8df3\" data-element_type=\"container\">\n\t\t\t\t<div class=\"elementor-element elementor-element-b7a2d51 elementor-widget-tablet__width-inherit elementor-widget-mobile_extra__width-auto elementor-widget-tablet_extra__width-initial elementor-widget elementor-widget-heading\" data-id=\"b7a2d51\" data-element_type=\"widget\" data-widget_type=\"heading.default\">\n\t\t\t\t<div class=\"elementor-widget-container\">\n\t\t\t\t\t<div class=\"elementor-heading-title elementor-size-default\">Nuestro equipo de maestros<\/div>\t\t\t\t<\/div>\n\t\t\t\t<\/div>\n\t\t\t\t<\/div>\n\t\t<div class=\"elementor-element elementor-element-c6b5347 e-flex e-con-boxed e-con e-child\" data-id=\"c6b5347\" data-element_type=\"container\">\n\t\t\t\t\t<div class=\"e-con-inner\">\n\t\t<div class=\"elementor-element elementor-element-173acd0 e-con-full e-flex e-con e-child\" data-id=\"173acd0\" data-element_type=\"container\" data-settings=\"{&quot;background_background&quot;:&quot;classic&quot;}\">\n\t\t<div class=\"elementor-element elementor-element-87557ab e-con-full e-flex e-con e-child\" data-id=\"87557ab\" data-element_type=\"container\">\n\t\t\t\t<div class=\"elementor-element elementor-element-f9a1b1f elementor-widget-mobile__width-auto elementor-shape-rounded elementor-grid-0 e-grid-align-center elementor-widget elementor-widget-social-icons\" data-id=\"f9a1b1f\" data-element_type=\"widget\" data-widget_type=\"social-icons.default\">\n\t\t\t\t<div class=\"elementor-widget-container\">\n\t\t\t\t\t\t\t<div class=\"elementor-social-icons-wrapper elementor-grid\">\n\t\t\t\t\t\t\t<span class=\"elementor-grid-item\">\n\t\t\t\t\t<a class=\"elementor-icon elementor-social-icon elementor-social-icon-envelope elementor-repeater-item-fa653eb\" href=\"mailto:aliciabarreras@maderausd.org\" target=\"_blank\">\n\t\t\t\t\t\t<span class=\"elementor-screen-only\">Envelope<\/span>\n\t\t\t\t\t\t<i class=\"fas fa-envelope\"><\/i>\t\t\t\t\t<\/a>\n\t\t\t\t<\/span>\n\t\t\t\t\t<\/div>\n\t\t\t\t\t\t<\/div>\n\t\t\t\t<\/div>\n\t\t\t\t<div class=\"elementor-element elementor-element-284b5d6 elementor-widget elementor-widget-heading\" data-id=\"284b5d6\" data-element_type=\"widget\" data-widget_type=\"heading.default\">\n\t\t\t\t<div class=\"elementor-widget-container\">\n\t\t\t\t\t<h2 class=\"elementor-heading-title elementor-size-large\">ALICIA BARRERAS, Maestro de matem\u00e1ticas<\/h2>\t\t\t\t<\/div>\n\t\t\t\t<\/div>\n\t\t\t\t<\/div>\n\t\t\t\t<div class=\"elementor-element elementor-element-53cc2f7 bio elementor-widget elementor-widget-text-editor\" data-id=\"53cc2f7\" data-element_type=\"widget\" data-widget_type=\"text-editor.default\">\n\t\t\t\t<div class=\"elementor-widget-container\">\n\t\t\t\t\t\t\t\t\t<p><b>Alicia Barreras<\/b> es apasionada por las matem\u00e1ticas y est\u00e1 encantada de tener la oportunidad de ser parte de Madera TEC, una comunidad de aprendizaje innovadora. Alicia ha pasado los \u00faltimos diez a\u00f1os como Educadora para MUSD, tres a\u00f1os en la Primaria La Vina, y siete en la Primaria James Monroe. Ella asisti\u00f3 a la Universidad Estatal de Fresno donde recibi\u00f3 su Licenciatura en Artes en Estudios Liberales y continu\u00f3 para recibir su credencial de Materias M\u00faltiples CLAD en la Universidad Fresno Pacific con un \u00e9nfasis en Matem\u00e1ticas. Alicia es una esposa, madre de un ni\u00f1o y dos ni\u00f1as, y abuela de dos lindas nietas. En su tiempo libre, le gusta acurrucarse con un buen libro, bailar, ir de compras, consentir a sus mascotas, y pasar tiempo de calidad con su familia, y disfrutar lo que ofrece la vida.<\/p>\t\t\t\t\t\t\t\t<\/div>\n\t\t\t\t<\/div>\n\t\t<div class=\"elementor-element elementor-element-cf28dc6 e-con-full teacher e-flex e-con e-child\" data-id=\"cf28dc6\" data-element_type=\"container\" data-settings=\"{&quot;background_background&quot;:&quot;classic&quot;}\">\n\t\t\t\t<div class=\"elementor-element elementor-element-abe17fe elementor-widget elementor-widget-htmega-blockquote-addons\" data-id=\"abe17fe\" data-element_type=\"widget\" id=\"quote\" data-widget_type=\"htmega-blockquote-addons.default\">\n\t\t\t\t<div class=\"elementor-widget-container\">\n\t\t\t\t\t            <div class=\"htmega-blockquote htmega-blockquote-position-lefttop htmega-citeseparator-position-none\">\n                <blockquote>\n                    <div class=\"blockquote_content\"><p><em>\"Saluda al hombre que pas\u00f3 por la vida siempre ayudando a los dem\u00e1s, sin conocer el miedo, ya quien la agresividad y el resentimiento son ajenos\"<\/em><\/p><\/div><span class=\"blockquote_icon\"><\/span>                <\/blockquote>\n           <\/div>\n\n        \t\t\t\t<\/div>\n\t\t\t\t<\/div>\n\t\t\t\t<\/div>\n\t\t\t\t<\/div>\n\t\t<div class=\"elementor-element elementor-element-da1f6b2 e-con-full e-flex e-con e-child\" data-id=\"da1f6b2\" data-element_type=\"container\" data-settings=\"{&quot;background_background&quot;:&quot;classic&quot;}\">\n\t\t<div class=\"elementor-element elementor-element-bdc854a e-con-full e-flex e-con e-child\" data-id=\"bdc854a\" data-element_type=\"container\">\n\t\t\t\t<div class=\"elementor-element elementor-element-b88f947 elementor-widget-mobile__width-auto elementor-shape-rounded elementor-grid-0 e-grid-align-center elementor-widget elementor-widget-social-icons\" data-id=\"b88f947\" data-element_type=\"widget\" data-widget_type=\"social-icons.default\">\n\t\t\t\t<div class=\"elementor-widget-container\">\n\t\t\t\t\t\t\t<div class=\"elementor-social-icons-wrapper elementor-grid\">\n\t\t\t\t\t\t\t<span class=\"elementor-grid-item\">\n\t\t\t\t\t<a class=\"elementor-icon elementor-social-icon elementor-social-icon-envelope elementor-repeater-item-fa653eb\" href=\"mailto:johnnycorona@maderausd.org\" target=\"_blank\">\n\t\t\t\t\t\t<span class=\"elementor-screen-only\">Envelope<\/span>\n\t\t\t\t\t\t<i class=\"fas fa-envelope\"><\/i>\t\t\t\t\t<\/a>\n\t\t\t\t<\/span>\n\t\t\t\t\t<\/div>\n\t\t\t\t\t\t<\/div>\n\t\t\t\t<\/div>\n\t\t\t\t<div class=\"elementor-element elementor-element-5bb723d elementor-widget elementor-widget-heading\" data-id=\"5bb723d\" data-element_type=\"widget\" data-widget_type=\"heading.default\">\n\t\t\t\t<div class=\"elementor-widget-container\">\n\t\t\t\t\t<h2 class=\"elementor-heading-title elementor-size-large\">JOHNNY V. CORONA, Entrepreneurship &amp; Marketing Teacher<\/h2>\t\t\t\t<\/div>\n\t\t\t\t<\/div>\n\t\t\t\t<\/div>\n\t\t\t\t<div class=\"elementor-element elementor-element-c75d9b6 bio elementor-widget elementor-widget-text-editor\" data-id=\"c75d9b6\" data-element_type=\"widget\" data-widget_type=\"text-editor.default\">\n\t\t\t\t<div class=\"elementor-widget-container\">\n\t\t\t\t\t\t\t\t\t<p class=\"translation-block\"><b>El Sr. Corona<\/b> tiene una Credencial de Educaci\u00f3n T\u00e9cnica Profesional (CTE) en Negocios, as\u00ed como en Artes, Medios y Entretenimiento de la Universidad de Fresno Pacific. Como propietario de una peque\u00f1a empresa, adquiri\u00f3 conocimiento de la industria y experiencia pr\u00e1ctica en fotograf\u00eda, videograf\u00eda y gesti\u00f3n empresarial. A lo largo de los a\u00f1os, ha trabajado en una variedad de proyectos para los consumidores, la comunidad y las empresas locales. El Sr. Corona es un apasionado de tener un impacto positivo en la vida de los j\u00f3venes y cree que el m\u00e9todo tradicional de ense\u00f1anza necesita complementarse con trabajo pr\u00e1ctico para ense\u00f1ar a los estudiantes habilidades que los har\u00e1n m\u00e1s empleados directamente desde la escuela. Nacido en Merced, California, y ahora criando a su familia en el Valle, el Sr. Corona es un nativo de toda la vida del Valle Central. Fuera del trabajo, le gusta hacer barbacoas, visitar el lago y la playa y pasar tiempo de calidad con su familia.<\/p>\t\t\t\t\t\t\t\t<\/div>\n\t\t\t\t<\/div>\n\t\t\t\t<\/div>\n\t\t<div class=\"elementor-element elementor-element-f40a802 e-con-full e-flex e-con e-child\" data-id=\"f40a802\" data-element_type=\"container\" data-settings=\"{&quot;background_background&quot;:&quot;classic&quot;}\">\n\t\t<div class=\"elementor-element elementor-element-cea0221 e-con-full e-flex e-con e-child\" data-id=\"cea0221\" data-element_type=\"container\">\n\t\t\t\t<div class=\"elementor-element elementor-element-b7fa371 elementor-widget-mobile__width-auto elementor-shape-rounded elementor-grid-0 e-grid-align-center elementor-widget elementor-widget-social-icons\" data-id=\"b7fa371\" data-element_type=\"widget\" data-widget_type=\"social-icons.default\">\n\t\t\t\t<div class=\"elementor-widget-container\">\n\t\t\t\t\t\t\t<div class=\"elementor-social-icons-wrapper elementor-grid\">\n\t\t\t\t\t\t\t<span class=\"elementor-grid-item\">\n\t\t\t\t\t<a class=\"elementor-icon elementor-social-icon elementor-social-icon-envelope elementor-repeater-item-fa653eb\" href=\"mailto:mirandaperez@maderausd.org\" target=\"_blank\">\n\t\t\t\t\t\t<span class=\"elementor-screen-only\">Envelope<\/span>\n\t\t\t\t\t\t<i class=\"fas fa-envelope\"><\/i>\t\t\t\t\t<\/a>\n\t\t\t\t<\/span>\n\t\t\t\t\t<\/div>\n\t\t\t\t\t\t<\/div>\n\t\t\t\t<\/div>\n\t\t\t\t<div class=\"elementor-element elementor-element-529ba7b elementor-widget elementor-widget-heading\" data-id=\"529ba7b\" data-element_type=\"widget\" data-widget_type=\"heading.default\">\n\t\t\t\t<div class=\"elementor-widget-container\">\n\t\t\t\t\t<h2 class=\"elementor-heading-title elementor-size-large\">MIRANDA PEREZ, Maestra de ingl\u00e9s<\/h2>\t\t\t\t<\/div>\n\t\t\t\t<\/div>\n\t\t\t\t<\/div>\n\t\t\t\t<div class=\"elementor-element elementor-element-7b33999 bio elementor-widget elementor-widget-text-editor\" data-id=\"7b33999\" data-element_type=\"widget\" data-widget_type=\"text-editor.default\">\n\t\t\t\t<div class=\"elementor-widget-container\">\n\t\t\t\t\t\t\t\t\t<b>Miranda Perez<\/b> recibi\u00f3 su Licenciatura en Artes y Humanidades en Escritura Creativa de la Universidad Estatal de Fresno. Como nativa de Madera, est\u00e1 emocionada de trabajar con nuestros estudiantes de Madera. Adem\u00e1s de trabajar en MTEC, Miranda tambi\u00e9n es entrenadora de waterpolo y nataci\u00f3n en la Secundaria Madera South. Cuando no est\u00e1 trabajando le gusta hacer viajes a Disneyland y pasar tiempo con su familia y sus dos perros. Le apasiona la ense\u00f1anza y tiene la oportunidad de inspirar a los alumnos para que abran sus mentes a nuevas ideas y diferentes formas de aprender.\t\t\t\t\t\t\t\t<\/div>\n\t\t\t\t<\/div>\n\t\t\t\t<\/div>\n\t\t\t\t\t<\/div>\n\t\t\t\t<\/div>\n\t\t\t\t<\/div>\n\t\t\t\t<\/div>\n\t\t\t\t<\/div>","protected":false},"excerpt":{"rendered":"<p>The Entrepreneurship and Marketing Lab promotes exploration of concepts in commercial research, product development, business fundamentals, and marketing. Entrepreneurs are company founders that take an idea and develop it into a business. Students will learn how successful entrepreneurs create companies. Students will work with community partners in order to understand the foundational impact of business [&hellip;]<\/p>","protected":false},"author":1,"featured_media":0,"parent":84,"menu_order":2,"comment_status":"closed","ping_status":"closed","template":"elementor_header_footer","meta":{"footnotes":""},"class_list":["post-112","page","type-page","status-publish","hentry"],"_links":{"self":[{"href":"https:\/\/maderatec.com\/es\/wp-json\/wp\/v2\/pages\/112","targetHints":{"allow":["GET"]}}],"collection":[{"href":"https:\/\/maderatec.com\/es\/wp-json\/wp\/v2\/pages"}],"about":[{"href":"https:\/\/maderatec.com\/es\/wp-json\/wp\/v2\/types\/page"}],"author":[{"embeddable":true,"href":"https:\/\/maderatec.com\/es\/wp-json\/wp\/v2\/users\/1"}],"replies":[{"embeddable":true,"href":"https:\/\/maderatec.com\/es\/wp-json\/wp\/v2\/comments?post=112"}],"version-history":[{"count":0,"href":"https:\/\/maderatec.com\/es\/wp-json\/wp\/v2\/pages\/112\/revisions"}],"up":[{"embeddable":true,"href":"https:\/\/maderatec.com\/es\/wp-json\/wp\/v2\/pages\/84"}],"wp:attachment":[{"href":"https:\/\/maderatec.com\/es\/wp-json\/wp\/v2\/media?parent=112"}],"curies":[{"name":"wp","href":"https:\/\/api.w.org\/{rel}","templated":true}]}}